{"id":8723,"date":"2024-12-04T14:43:50","date_gmt":"2024-12-04T14:43:50","guid":{"rendered":"https:\/\/corporate.epress.fi\/epress-for-skolor\/"},"modified":"2025-04-08T03:35:14","modified_gmt":"2025-04-08T03:35:14","slug":"epress-for-skolor","status":"publish","type":"page","link":"https:\/\/corporate.epress.fi\/sv\/epress-for-skolor\/","title":{"rendered":"ePress f\u00f6r skolor"},"content":{"rendered":"\t\t<div data-elementor-type=\"wp-page\" data-elementor-id=\"8723\" class=\"elementor elementor-8723 elementor-7354\" data-elementor-post-type=\"page\">\n\t\t\t\t<div class=\"elementor-element elementor-element-7c07750 subhero-container e-flex e-con-boxed e-con e-child\" data-id=\"7c07750\" data-element_type=\"container\" data-e-type=\"container\" data-settings=\"{&quot;background_background&quot;:&quot;classic&quot;}\">\n\t\t\t\t\t<div class=\"e-con-inner\">\n\t\t\t\t<div class=\"elementor-element elementor-element-194e2f6 elementor-widget__width-inherit elementor-invisible elementor-widget elementor-widget-heading\" data-id=\"194e2f6\" data-element_type=\"widget\" data-e-type=\"widget\" data-settings=\"{&quot;_animation&quot;:&quot;fadeIn&quot;,&quot;_animation_delay&quot;:&quot;200&quot;}\" data-widget_type=\"heading.default\">\n\t\t\t\t<div class=\"elementor-widget-container\">\n\t\t\t\t\t<h1 class=\"elementor-heading-title elementor-size-default\">ePress f\u00f6r skolor<\/h1>\t\t\t\t<\/div>\n\t\t\t\t<\/div>\n\t\t\t\t<div class=\"elementor-element elementor-element-ea23731 elementor-widget__width-inherit elementor-invisible elementor-widget elementor-widget-text-editor\" data-id=\"ea23731\" data-element_type=\"widget\" data-e-type=\"widget\" data-settings=\"{&quot;_animation&quot;:&quot;fadeIn&quot;,&quot;_animation_delay&quot;:600}\" data-widget_type=\"text-editor.default\">\n\t\t\t\t<div class=\"elementor-widget-container\">\n\t\t\t\t\t\t\t\t\t<p>Mediekunskap \u00e4r en av dagens viktigaste f\u00e4rdigheter, och ePress\u00ae-tj\u00e4nsten st\u00f6der utvecklingen genom att tillhandah\u00e5lla ett stort digitalt bibliotek med tidningar f\u00f6r skolor.<\/p>\t\t\t\t\t\t\t\t<\/div>\n\t\t\t\t<\/div>\n\t\t<div class=\"elementor-element elementor-element-cc92647 e-con-full e-flex e-con e-child\" data-id=\"cc92647\" data-element_type=\"container\" data-e-type=\"container\">\n\t\t<div class=\"elementor-element elementor-element-1a28d07 e-con-full hero-cta e-flex e-con e-child\" data-id=\"1a28d07\" data-element_type=\"container\" data-e-type=\"container\">\n\t\t\t\t<div class=\"elementor-element elementor-element-21df47e elementor-widget elementor-widget-heading\" data-id=\"21df47e\" data-element_type=\"widget\" data-e-type=\"widget\" data-widget_type=\"heading.default\">\n\t\t\t\t<div class=\"elementor-widget-container\">\n\t\t\t\t\t<h4 class=\"elementor-heading-title elementor-size-default\"><a href=\"https:\/\/corporate.epress.fi\/sv\/boka-ett-mote\/\">Boka en demonstration<\/a><\/h4>\t\t\t\t<\/div>\n\t\t\t\t<\/div>\n\t\t\t\t<div class=\"elementor-element elementor-element-9e5f774 elementor-view-default elementor-widget elementor-widget-icon\" data-id=\"9e5f774\" data-element_type=\"widget\" data-e-type=\"widget\" data-widget_type=\"icon.default\">\n\t\t\t\t<div class=\"elementor-widget-container\">\n\t\t\t\t\t\t\t<div class=\"elementor-icon-wrapper\">\n\t\t\t<a class=\"elementor-icon\" href=\"https:\/\/corporate.epress.fi\/sv\/boka-ett-mote\/\">\n\t\t\t<i aria-hidden=\"true\" class=\"fas fa-arrow-down\"><\/i>\t\t\t<\/a>\n\t\t<\/div>\n\t\t\t\t\t\t<\/div>\n\t\t\t\t<\/div>\n\t\t\t\t<\/div>\n\t\t\t\t<\/div>\n\t\t\t\t\t<\/div>\n\t\t\t\t<\/div>\n\t\t<div class=\"elementor-element elementor-element-d4ed7aa e-flex e-con-boxed e-con e-child\" data-id=\"d4ed7aa\" data-element_type=\"container\" data-e-type=\"container\" data-settings=\"{&quot;background_background&quot;:&quot;classic&quot;}\">\n\t\t\t\t\t<div class=\"e-con-inner\">\n\t\t<div class=\"elementor-element elementor-element-f495a08 e-con-full e-flex e-con e-child\" data-id=\"f495a08\" data-element_type=\"container\" data-e-type=\"container\">\n\t\t\t\t<div class=\"elementor-element elementor-element-04bcba4 elementor-widget elementor-widget-heading\" data-id=\"04bcba4\" data-element_type=\"widget\" data-e-type=\"widget\" data-widget_type=\"heading.default\">\n\t\t\t\t<div class=\"elementor-widget-container\">\n\t\t\t\t\t<h6 class=\"elementor-heading-title elementor-size-default\">ePress f\u00f6r skolor<\/h6>\t\t\t\t<\/div>\n\t\t\t\t<\/div>\n\t\t\t\t<div class=\"elementor-element elementor-element-bedaae9 elementor-widget-divider--view-line elementor-widget elementor-widget-divider\" data-id=\"bedaae9\" data-element_type=\"widget\" data-e-type=\"widget\" data-widget_type=\"divider.default\">\n\t\t\t\t<div class=\"elementor-widget-container\">\n\t\t\t\t\t\t\t<div class=\"elementor-divider\">\n\t\t\t<span class=\"elementor-divider-separator\">\n\t\t\t\t\t\t<\/span>\n\t\t<\/div>\n\t\t\t\t\t\t<\/div>\n\t\t\t\t<\/div>\n\t\t\t\t<div class=\"elementor-element elementor-element-bcb1920 elementor-invisible elementor-widget elementor-widget-heading\" data-id=\"bcb1920\" data-element_type=\"widget\" data-e-type=\"widget\" data-settings=\"{&quot;_animation&quot;:&quot;fadeIn&quot;,&quot;_animation_delay&quot;:400}\" data-widget_type=\"heading.default\">\n\t\t\t\t<div class=\"elementor-widget-container\">\n\t\t\t\t\t<h2 class=\"elementor-heading-title elementor-size-default\">\nFr\u00e4mja och utveckla mediekunskap i skolan med ePress\u00ae<\/h2>\t\t\t\t<\/div>\n\t\t\t\t<\/div>\n\t\t\t\t<div class=\"elementor-element elementor-element-cd7e21c elementor-widget elementor-widget-text-editor\" data-id=\"cd7e21c\" data-element_type=\"widget\" data-e-type=\"widget\" data-widget_type=\"text-editor.default\">\n\t\t\t\t<div class=\"elementor-widget-container\">\n\t\t\t\t\t\t\t\t\t<p>Mediekunskap \u00e4r viktigare \u00e4n n\u00e5gonsin i dagens v\u00e4rld. Snabbt f\u00f6r\u00e4nderliga nyhetsfl\u00f6den och \u00f6verbelastning av digital information kr\u00e4ver kritiska f\u00e4rdigheter f\u00f6r att hj\u00e4lpa eleverna att navigera i mediev\u00e4rlden med sj\u00e4lvf\u00f6rtroende och ansvar. ePress\u00ae ger skolor ett omfattande digitalt tidningsbibliotek som st\u00f6der undervisningen p\u00e5 olika s\u00e4tt och g\u00f6r utvecklingen av mediekunskap smidig och engagerande.<\/p>\t\t\t\t\t\t\t\t<\/div>\n\t\t\t\t<\/div>\n\t\t\t\t<\/div>\n\t\t<div class=\"elementor-element elementor-element-e90b589 e-con-full e-flex e-con e-child\" data-id=\"e90b589\" data-element_type=\"container\" data-e-type=\"container\" data-settings=\"{&quot;background_background&quot;:&quot;classic&quot;}\">\n\t\t\t\t<div class=\"elementor-element elementor-element-da7aa1d elementor-widget elementor-widget-image\" data-id=\"da7aa1d\" data-element_type=\"widget\" data-e-type=\"widget\" data-widget_type=\"image.default\">\n\t\t\t\t<div class=\"elementor-widget-container\">\n\t\t\t\t\t\t\t\t\t\t\t\t\t\t\t<img fetchpriority=\"high\" decoding=\"async\" width=\"2560\" height=\"1707\" src=\"https:\/\/corporate.epress.fi\/wp-content\/uploads\/2024\/12\/43010af2-70c5-4579-93a4-72b98c06011f-scaled.jpg\" class=\"attachment-full size-full wp-image-8546\" alt=\"\" srcset=\"https:\/\/corporate.epress.fi\/wp-content\/uploads\/2024\/12\/43010af2-70c5-4579-93a4-72b98c06011f-scaled.jpg 2560w, https:\/\/corporate.epress.fi\/wp-content\/uploads\/2024\/12\/43010af2-70c5-4579-93a4-72b98c06011f-300x200.jpg 300w, https:\/\/corporate.epress.fi\/wp-content\/uploads\/2024\/12\/43010af2-70c5-4579-93a4-72b98c06011f-1024x683.jpg 1024w, https:\/\/corporate.epress.fi\/wp-content\/uploads\/2024\/12\/43010af2-70c5-4579-93a4-72b98c06011f-768x512.jpg 768w, https:\/\/corporate.epress.fi\/wp-content\/uploads\/2024\/12\/43010af2-70c5-4579-93a4-72b98c06011f-1536x1024.jpg 1536w, https:\/\/corporate.epress.fi\/wp-content\/uploads\/2024\/12\/43010af2-70c5-4579-93a4-72b98c06011f-2048x1365.jpg 2048w, https:\/\/corporate.epress.fi\/wp-content\/uploads\/2024\/12\/43010af2-70c5-4579-93a4-72b98c06011f-600x400.jpg 600w, https:\/\/corporate.epress.fi\/wp-content\/uploads\/2024\/12\/43010af2-70c5-4579-93a4-72b98c06011f-1200x800.jpg 1200w\" sizes=\"(max-width: 2560px) 100vw, 2560px\" \/>\t\t\t\t\t\t\t\t\t\t\t\t\t\t\t<\/div>\n\t\t\t\t<\/div>\n\t\t\t\t<\/div>\n\t\t\t\t\t<\/div>\n\t\t\t\t<\/div>\n\t\t<div class=\"elementor-element elementor-element-3e9ad96 e-flex e-con-boxed e-con e-child\" data-id=\"3e9ad96\" data-element_type=\"container\" data-e-type=\"container\">\n\t\t\t\t\t<div class=\"e-con-inner\">\n\t\t<div class=\"elementor-element elementor-element-e8135e8 e-con-full e-flex e-con e-child\" data-id=\"e8135e8\" data-element_type=\"container\" data-e-type=\"container\" data-settings=\"{&quot;background_background&quot;:&quot;classic&quot;}\">\n\t\t\t\t<div class=\"elementor-element elementor-element-5144830 elementor-widget elementor-widget-image\" data-id=\"5144830\" data-element_type=\"widget\" data-e-type=\"widget\" data-widget_type=\"image.default\">\n\t\t\t\t<div class=\"elementor-widget-container\">\n\t\t\t\t\t\t\t\t\t\t\t\t\t\t\t<img decoding=\"async\" width=\"1022\" height=\"807\" src=\"https:\/\/corporate.epress.fi\/wp-content\/uploads\/2024\/12\/94659d49-9f0a-4350-a98b-4ca50dc0635c.jpg\" class=\"attachment-full size-full wp-image-8548\" alt=\"\" srcset=\"https:\/\/corporate.epress.fi\/wp-content\/uploads\/2024\/12\/94659d49-9f0a-4350-a98b-4ca50dc0635c.jpg 1022w, https:\/\/corporate.epress.fi\/wp-content\/uploads\/2024\/12\/94659d49-9f0a-4350-a98b-4ca50dc0635c-300x237.jpg 300w, https:\/\/corporate.epress.fi\/wp-content\/uploads\/2024\/12\/94659d49-9f0a-4350-a98b-4ca50dc0635c-768x606.jpg 768w\" sizes=\"(max-width: 1022px) 100vw, 1022px\" \/>\t\t\t\t\t\t\t\t\t\t\t\t\t\t\t<\/div>\n\t\t\t\t<\/div>\n\t\t\t\t<\/div>\n\t\t<div class=\"elementor-element elementor-element-6c0007a e-con-full e-flex e-con e-child\" data-id=\"6c0007a\" data-element_type=\"container\" data-e-type=\"container\">\n\t\t\t\t<div class=\"elementor-element elementor-element-412ff4f elementor-widget elementor-widget-heading\" data-id=\"412ff4f\" data-element_type=\"widget\" data-e-type=\"widget\" data-widget_type=\"heading.default\">\n\t\t\t\t<div class=\"elementor-widget-container\">\n\t\t\t\t\t<h6 class=\"elementor-heading-title elementor-size-default\">ePress f\u00f6r skolor\n<\/h6>\t\t\t\t<\/div>\n\t\t\t\t<\/div>\n\t\t\t\t<div class=\"elementor-element elementor-element-0ae4864 elementor-widget-divider--view-line elementor-widget elementor-widget-divider\" data-id=\"0ae4864\" data-element_type=\"widget\" data-e-type=\"widget\" data-widget_type=\"divider.default\">\n\t\t\t\t<div class=\"elementor-widget-container\">\n\t\t\t\t\t\t\t<div class=\"elementor-divider\">\n\t\t\t<span class=\"elementor-divider-separator\">\n\t\t\t\t\t\t<\/span>\n\t\t<\/div>\n\t\t\t\t\t\t<\/div>\n\t\t\t\t<\/div>\n\t\t<div class=\"elementor-element elementor-element-32351ef e-con-full e-flex e-con e-child\" data-id=\"32351ef\" data-element_type=\"container\" data-e-type=\"container\">\n\t\t\t\t<div class=\"elementor-element elementor-element-a3af3b3 elementor-widget elementor-widget-heading\" data-id=\"a3af3b3\" data-element_type=\"widget\" data-e-type=\"widget\" data-widget_type=\"heading.default\">\n\t\t\t\t<div class=\"elementor-widget-container\">\n\t\t\t\t\t<h3 class=\"elementor-heading-title elementor-size-default\">Vad \u00e4r ePress?<\/h3>\t\t\t\t<\/div>\n\t\t\t\t<\/div>\n\t\t\t\t<div class=\"elementor-element elementor-element-85509e7 elementor-widget elementor-widget-text-editor\" data-id=\"85509e7\" data-element_type=\"widget\" data-e-type=\"widget\" data-widget_type=\"text-editor.default\">\n\t\t\t\t<div class=\"elementor-widget-container\">\n\t\t\t\t\t\t\t\t\t<p>ePress\u00ae \u00e4r en nordisk digital tidningstj\u00e4nst som ger skolor och utbildningsinstitutioner ett omfattande urval av nationella och internationella dagstidningar, tidningar och aktuella nyheter. Tidningarna finns tillg\u00e4ngliga i digitala bild-, ljud- och textversioner. Tj\u00e4nsten ger eleverna tillg\u00e5ng till ett tillf\u00f6rlitligt och varierat nyhetsutbud, vilket \u00e4r en viktig del av utvecklingen av mediekompetens. Tj\u00e4nsten \u00e4r utformad f\u00f6r att st\u00f6dja vardagen i skolor och utbildningsinstitutioner. Den erbjuder en anv\u00e4ndarv\u00e4nlig, enhetsoberoende plattform f\u00f6r lektioner, workshops och sj\u00e4lvst\u00e4ndigt l\u00e4rande.<\/p>\t\t\t\t\t\t\t\t<\/div>\n\t\t\t\t<\/div>\n\t\t\t\t<\/div>\n\t\t\t\t<\/div>\n\t\t\t\t\t<\/div>\n\t\t\t\t<\/div>\n\t\t<div class=\"elementor-element elementor-element-08e24eb e-flex e-con-boxed e-con e-child\" data-id=\"08e24eb\" data-element_type=\"container\" data-e-type=\"container\">\n\t\t\t\t\t<div class=\"e-con-inner\">\n\t\t<div class=\"elementor-element elementor-element-f5dd66a e-con-full e-flex e-con e-child\" data-id=\"f5dd66a\" data-element_type=\"container\" data-e-type=\"container\">\n\t\t\t\t<div class=\"elementor-element elementor-element-a4da74b elementor-widget elementor-widget-heading\" data-id=\"a4da74b\" data-element_type=\"widget\" data-e-type=\"widget\" data-widget_type=\"heading.default\">\n\t\t\t\t<div class=\"elementor-widget-container\">\n\t\t\t\t\t<h6 class=\"elementor-heading-title elementor-size-default\">ePress f\u00f6r skolor\n<\/h6>\t\t\t\t<\/div>\n\t\t\t\t<\/div>\n\t\t\t\t<div class=\"elementor-element elementor-element-b6367bc elementor-widget-divider--view-line elementor-widget elementor-widget-divider\" data-id=\"b6367bc\" data-element_type=\"widget\" data-e-type=\"widget\" data-widget_type=\"divider.default\">\n\t\t\t\t<div class=\"elementor-widget-container\">\n\t\t\t\t\t\t\t<div class=\"elementor-divider\">\n\t\t\t<span class=\"elementor-divider-separator\">\n\t\t\t\t\t\t<\/span>\n\t\t<\/div>\n\t\t\t\t\t\t<\/div>\n\t\t\t\t<\/div>\n\t\t<div class=\"elementor-element elementor-element-c35223a e-con-full e-flex e-con e-child\" data-id=\"c35223a\" data-element_type=\"container\" data-e-type=\"container\">\n\t\t\t\t<div class=\"elementor-element elementor-element-b9d8b99 elementor-widget elementor-widget-heading\" data-id=\"b9d8b99\" data-element_type=\"widget\" data-e-type=\"widget\" data-widget_type=\"heading.default\">\n\t\t\t\t<div class=\"elementor-widget-container\">\n\t\t\t\t\t<h3 class=\"elementor-heading-title elementor-size-default\">\nMediekunskapens roll i skolans v\u00e4rld<\/h3>\t\t\t\t<\/div>\n\t\t\t\t<\/div>\n\t\t\t\t<div class=\"elementor-element elementor-element-5a97edb elementor-widget elementor-widget-text-editor\" data-id=\"5a97edb\" data-element_type=\"widget\" data-e-type=\"widget\" data-widget_type=\"text-editor.default\">\n\t\t\t\t<div class=\"elementor-widget-container\">\n\t\t\t\t\t\t\t\t\t<p>Mediekompetens \u00e4r en nyckelkompetens f\u00f6r studenter och samh\u00e4lle. Den st\u00f6der: <\/p>\n\t\t\t\t\t\t\t\t<\/div>\n\t\t\t\t<\/div>\n\t\t\t\t<div class=\"elementor-element elementor-element-166e1ad elementor-position-inline-start elementor-view-default elementor-mobile-position-block-start elementor-widget elementor-widget-icon-box\" data-id=\"166e1ad\" data-element_type=\"widget\" data-e-type=\"widget\" data-widget_type=\"icon-box.default\">\n\t\t\t\t<div class=\"elementor-widget-container\">\n\t\t\t\t\t\t\t<div class=\"elementor-icon-box-wrapper\">\n\n\t\t\t\t\t\t<div class=\"elementor-icon-box-icon\">\n\t\t\t\t<span  class=\"elementor-icon\">\n\t\t\t\t<i aria-hidden=\"true\" class=\"fas fa-check-circle\"><\/i>\t\t\t\t<\/span>\n\t\t\t<\/div>\n\t\t\t\n\t\t\t\t\t\t<div class=\"elementor-icon-box-content\">\n\n\t\t\t\t\t\t\t\t\t<h5 class=\"elementor-icon-box-title\">\n\t\t\t\t\t\t<span  >\n\t\t\t\t\t\t\tKritiskt t\u00e4nkande\t\t\t\t\t\t<\/span>\n\t\t\t\t\t<\/h5>\n\t\t\t\t\n\t\t\t\t\t\t\t\t\t<p class=\"elementor-icon-box-description\">\n\t\t\t\t\t\tEleverna l\u00e4r sig att analysera, utv\u00e4rdera och j\u00e4mf\u00f6ra information fr\u00e5n olika k\u00e4llor\t\t\t\t\t<\/p>\n\t\t\t\t\n\t\t\t<\/div>\n\t\t\t\n\t\t<\/div>\n\t\t\t\t\t\t<\/div>\n\t\t\t\t<\/div>\n\t\t\t\t<div class=\"elementor-element elementor-element-f817b6a elementor-position-inline-start elementor-view-default elementor-mobile-position-block-start elementor-widget elementor-widget-icon-box\" data-id=\"f817b6a\" data-element_type=\"widget\" data-e-type=\"widget\" data-widget_type=\"icon-box.default\">\n\t\t\t\t<div class=\"elementor-widget-container\">\n\t\t\t\t\t\t\t<div class=\"elementor-icon-box-wrapper\">\n\n\t\t\t\t\t\t<div class=\"elementor-icon-box-icon\">\n\t\t\t\t<span  class=\"elementor-icon\">\n\t\t\t\t<i aria-hidden=\"true\" class=\"fas fa-check-circle\"><\/i>\t\t\t\t<\/span>\n\t\t\t<\/div>\n\t\t\t\n\t\t\t\t\t\t<div class=\"elementor-icon-box-content\">\n\n\t\t\t\t\t\t\t\t\t<h5 class=\"elementor-icon-box-title\">\n\t\t\t\t\t\t<span  >\n\t\t\t\t\t\t\tF\u00f6rtroende f\u00f6r journalistiken\t\t\t\t\t\t<\/span>\n\t\t\t\t\t<\/h5>\n\t\t\t\t\n\t\t\t\t\t\t\t\t\t<p class=\"elementor-icon-box-description\">\n\t\t\t\t\t\t\nEleverna f\u00f6rst\u00e5r hur professionell journalistik st\u00f6der demokrati och \u00f6ppenhet i samh\u00e4llet\t\t\t\t\t<\/p>\n\t\t\t\t\n\t\t\t<\/div>\n\t\t\t\n\t\t<\/div>\n\t\t\t\t\t\t<\/div>\n\t\t\t\t<\/div>\n\t\t\t\t<div class=\"elementor-element elementor-element-9b8b0cc elementor-position-inline-start elementor-view-default elementor-mobile-position-block-start elementor-widget elementor-widget-icon-box\" data-id=\"9b8b0cc\" data-element_type=\"widget\" data-e-type=\"widget\" data-widget_type=\"icon-box.default\">\n\t\t\t\t<div class=\"elementor-widget-container\">\n\t\t\t\t\t\t\t<div class=\"elementor-icon-box-wrapper\">\n\n\t\t\t\t\t\t<div class=\"elementor-icon-box-icon\">\n\t\t\t\t<span  class=\"elementor-icon\">\n\t\t\t\t<i aria-hidden=\"true\" class=\"fas fa-check-circle\"><\/i>\t\t\t\t<\/span>\n\t\t\t<\/div>\n\t\t\t\n\t\t\t\t\t\t<div class=\"elementor-icon-box-content\">\n\n\t\t\t\t\t\t\t\t\t<h5 class=\"elementor-icon-box-title\">\n\t\t\t\t\t\t<span  >\n\t\t\t\t\t\t\tSocial integration\t\t\t\t\t\t<\/span>\n\t\t\t\t\t<\/h5>\n\t\t\t\t\n\t\t\t\t\t\t\t\t\t<p class=\"elementor-icon-box-description\">\n\t\t\t\t\t\t\nAtt f\u00f6rst\u00e5 medierna hj\u00e4lper eleverna att aktivt och medvetet delta i samh\u00e4llsdebatten.\t\t\t\t\t<\/p>\n\t\t\t\t\n\t\t\t<\/div>\n\t\t\t\n\t\t<\/div>\n\t\t\t\t\t\t<\/div>\n\t\t\t\t<\/div>\n\t\t\t\t<\/div>\n\t\t\t\t<\/div>\n\t\t<div class=\"elementor-element elementor-element-6e344f0 e-con-full e-flex e-con e-child\" data-id=\"6e344f0\" data-element_type=\"container\" data-e-type=\"container\" data-settings=\"{&quot;background_background&quot;:&quot;classic&quot;}\">\n\t\t\t\t<div class=\"elementor-element elementor-element-a7a4c46 elementor-widget elementor-widget-image\" data-id=\"a7a4c46\" data-element_type=\"widget\" data-e-type=\"widget\" data-widget_type=\"image.default\">\n\t\t\t\t<div class=\"elementor-widget-container\">\n\t\t\t\t\t\t\t\t\t\t\t\t\t\t\t<img decoding=\"async\" width=\"1524\" height=\"1553\" src=\"https:\/\/corporate.epress.fi\/wp-content\/uploads\/2025\/02\/koululaitekuva_SWE.jpg\" class=\"attachment-full size-full wp-image-10191\" alt=\"\" srcset=\"https:\/\/corporate.epress.fi\/wp-content\/uploads\/2025\/02\/koululaitekuva_SWE.jpg 1524w, https:\/\/corporate.epress.fi\/wp-content\/uploads\/2025\/02\/koululaitekuva_SWE-294x300.jpg 294w, https:\/\/corporate.epress.fi\/wp-content\/uploads\/2025\/02\/koululaitekuva_SWE-1005x1024.jpg 1005w, https:\/\/corporate.epress.fi\/wp-content\/uploads\/2025\/02\/koululaitekuva_SWE-768x783.jpg 768w, https:\/\/corporate.epress.fi\/wp-content\/uploads\/2025\/02\/koululaitekuva_SWE-1507x1536.jpg 1507w\" sizes=\"(max-width: 1524px) 100vw, 1524px\" \/>\t\t\t\t\t\t\t\t\t\t\t\t\t\t\t<\/div>\n\t\t\t\t<\/div>\n\t\t\t\t<\/div>\n\t\t\t\t\t<\/div>\n\t\t\t\t<\/div>\n\t\t<div class=\"elementor-element elementor-element-c9a9cd0 e-flex e-con-boxed e-con e-child\" data-id=\"c9a9cd0\" data-element_type=\"container\" data-e-type=\"container\">\n\t\t\t\t\t<div class=\"e-con-inner\">\n\t\t<div class=\"elementor-element elementor-element-515c378 e-con-full e-flex e-con e-child\" data-id=\"515c378\" data-element_type=\"container\" data-e-type=\"container\">\n\t\t\t\t<div class=\"elementor-element elementor-element-e3869ef elementor-widget elementor-widget-heading\" data-id=\"e3869ef\" data-element_type=\"widget\" data-e-type=\"widget\" data-widget_type=\"heading.default\">\n\t\t\t\t<div class=\"elementor-widget-container\">\n\t\t\t\t\t<h6 class=\"elementor-heading-title elementor-size-default\">ePress f\u00f6r skolor\n<\/h6>\t\t\t\t<\/div>\n\t\t\t\t<\/div>\n\t\t\t\t<div class=\"elementor-element elementor-element-3405b70 elementor-widget-divider--view-line elementor-widget elementor-widget-divider\" data-id=\"3405b70\" data-element_type=\"widget\" data-e-type=\"widget\" data-widget_type=\"divider.default\">\n\t\t\t\t<div class=\"elementor-widget-container\">\n\t\t\t\t\t\t\t<div class=\"elementor-divider\">\n\t\t\t<span class=\"elementor-divider-separator\">\n\t\t\t\t\t\t<\/span>\n\t\t<\/div>\n\t\t\t\t\t\t<\/div>\n\t\t\t\t<\/div>\n\t\t<div class=\"elementor-element elementor-element-dcdc561 e-con-full e-flex e-con e-child\" data-id=\"dcdc561\" data-element_type=\"container\" data-e-type=\"container\">\n\t\t\t\t<div class=\"elementor-element elementor-element-b4d15cb elementor-widget elementor-widget-heading\" data-id=\"b4d15cb\" data-element_type=\"widget\" data-e-type=\"widget\" data-widget_type=\"heading.default\">\n\t\t\t\t<div class=\"elementor-widget-container\">\n\t\t\t\t\t<h3 class=\"elementor-heading-title elementor-size-default\">\nHur st\u00f6der ePress mediekunskap i skolan?<\/h3>\t\t\t\t<\/div>\n\t\t\t\t<\/div>\n\t\t\t\t<div class=\"elementor-element elementor-element-d6a3479 elementor-position-inline-start elementor-view-default elementor-mobile-position-block-start elementor-widget elementor-widget-icon-box\" data-id=\"d6a3479\" data-element_type=\"widget\" data-e-type=\"widget\" data-widget_type=\"icon-box.default\">\n\t\t\t\t<div class=\"elementor-widget-container\">\n\t\t\t\t\t\t\t<div class=\"elementor-icon-box-wrapper\">\n\n\t\t\t\t\t\t<div class=\"elementor-icon-box-icon\">\n\t\t\t\t<span  class=\"elementor-icon\">\n\t\t\t\t<i aria-hidden=\"true\" class=\"fas fa-check-circle\"><\/i>\t\t\t\t<\/span>\n\t\t\t<\/div>\n\t\t\t\n\t\t\t\t\t\t<div class=\"elementor-icon-box-content\">\n\n\t\t\t\t\t\t\t\t\t<h5 class=\"elementor-icon-box-title\">\n\t\t\t\t\t\t<span  >\n\t\t\t\t\t\t\tBrett och aktuellt inneh\u00e5ll\t\t\t\t\t\t<\/span>\n\t\t\t\t\t<\/h5>\n\t\t\t\t\n\t\t\t\t\t\t\t\t\t<p class=\"elementor-icon-box-description\">\n\t\t\t\t\t\tGenom ePress har eleverna tillg\u00e5ng till ett brett utbud av dagstidningar och tidningar med olika perspektiv och \u00e4mnesomr\u00e5den.\nMajoriteten av utbudet best\u00e5r av dagstidningar, vilket bidrar till elevernas djupare f\u00f6rst\u00e5else f\u00f6r aktuella nyheter. \t\t\t\t\t<\/p>\n\t\t\t\t\n\t\t\t<\/div>\n\t\t\t\n\t\t<\/div>\n\t\t\t\t\t\t<\/div>\n\t\t\t\t<\/div>\n\t\t\t\t<div class=\"elementor-element elementor-element-bdd9678 elementor-position-inline-start elementor-view-default elementor-mobile-position-block-start elementor-widget elementor-widget-icon-box\" data-id=\"bdd9678\" data-element_type=\"widget\" data-e-type=\"widget\" data-widget_type=\"icon-box.default\">\n\t\t\t\t<div class=\"elementor-widget-container\">\n\t\t\t\t\t\t\t<div class=\"elementor-icon-box-wrapper\">\n\n\t\t\t\t\t\t<div class=\"elementor-icon-box-icon\">\n\t\t\t\t<span  class=\"elementor-icon\">\n\t\t\t\t<i aria-hidden=\"true\" class=\"fas fa-check-circle\"><\/i>\t\t\t\t<\/span>\n\t\t\t<\/div>\n\t\t\t\n\t\t\t\t\t\t<div class=\"elementor-icon-box-content\">\n\n\t\t\t\t\t\t\t\t\t<h5 class=\"elementor-icon-box-title\">\n\t\t\t\t\t\t<span  >\n\t\t\t\t\t\t\tDeltagande workshop-modeller\t\t\t\t\t\t<\/span>\n\t\t\t\t\t<\/h5>\n\t\t\t\t\n\t\t\t\t\t\t\t\t\t<p class=\"elementor-icon-box-description\">\n\t\t\t\t\t\tSkapa l\u00e4ttanv\u00e4nda workshops f\u00f6r nyhetsl\u00e4sning d\u00e4r eleverna analyserar nyheter och l\u00e4r sig att bed\u00f6ma k\u00e4llornas tillf\u00f6rlitlighet.\nDessa workshops kan till exempel genomf\u00f6ras under temaveckor eller skolevenemang. \t\t\t\t\t<\/p>\n\t\t\t\t\n\t\t\t<\/div>\n\t\t\t\n\t\t<\/div>\n\t\t\t\t\t\t<\/div>\n\t\t\t\t<\/div>\n\t\t\t\t<div class=\"elementor-element elementor-element-d7d0137 elementor-position-inline-start elementor-view-default elementor-mobile-position-block-start elementor-widget elementor-widget-icon-box\" data-id=\"d7d0137\" data-element_type=\"widget\" data-e-type=\"widget\" data-widget_type=\"icon-box.default\">\n\t\t\t\t<div class=\"elementor-widget-container\">\n\t\t\t\t\t\t\t<div class=\"elementor-icon-box-wrapper\">\n\n\t\t\t\t\t\t<div class=\"elementor-icon-box-icon\">\n\t\t\t\t<span  class=\"elementor-icon\">\n\t\t\t\t<i aria-hidden=\"true\" class=\"fas fa-check-circle\"><\/i>\t\t\t\t<\/span>\n\t\t\t<\/div>\n\t\t\t\n\t\t\t\t\t\t<div class=\"elementor-icon-box-content\">\n\n\t\t\t\t\t\t\t\t\t<h5 class=\"elementor-icon-box-title\">\n\t\t\t\t\t\t<span  >\n\t\t\t\t\t\t\tPraktiska f\u00f6rdelar f\u00f6r l\u00e4rare\t\t\t\t\t\t<\/span>\n\t\t\t\t\t<\/h5>\n\t\t\t\t\n\t\t\t\t\t\t\t\t\t<p class=\"elementor-icon-box-description\">\n\t\t\t\t\t\tL\u00e4rare kan anv\u00e4nda ePress-inneh\u00e5ll i lektioner f\u00f6r att skapa m\u00e5ngsidiga \u00f6vningar i nyhetsanalys, j\u00e4mf\u00f6relse och diskussion. Det sparar tid att s\u00f6ka efter material och ger en p\u00e5litlig, f\u00e4rdig plattform.\t\t\t\t\t<\/p>\n\t\t\t\t\n\t\t\t<\/div>\n\t\t\t\n\t\t<\/div>\n\t\t\t\t\t\t<\/div>\n\t\t\t\t<\/div>\n\t\t\t\t<div class=\"elementor-element elementor-element-0a28e84 elementor-position-inline-start elementor-view-default elementor-mobile-position-block-start elementor-widget elementor-widget-icon-box\" data-id=\"0a28e84\" data-element_type=\"widget\" data-e-type=\"widget\" data-widget_type=\"icon-box.default\">\n\t\t\t\t<div class=\"elementor-widget-container\">\n\t\t\t\t\t\t\t<div class=\"elementor-icon-box-wrapper\">\n\n\t\t\t\t\t\t<div class=\"elementor-icon-box-icon\">\n\t\t\t\t<span  class=\"elementor-icon\">\n\t\t\t\t<i aria-hidden=\"true\" class=\"fas fa-check-circle\"><\/i>\t\t\t\t<\/span>\n\t\t\t<\/div>\n\t\t\t\n\t\t\t\t\t\t<div class=\"elementor-icon-box-content\">\n\n\t\t\t\t\t\t\t\t\t<h5 class=\"elementor-icon-box-title\">\n\t\t\t\t\t\t<span  >\n\t\t\t\t\t\t\tGod praxis inom medieutbildning\t\t\t\t\t\t<\/span>\n\t\t\t\t\t<\/h5>\n\t\t\t\t\n\t\t\t\t\t\t\t\t\t<p class=\"elementor-icon-box-description\">\n\t\t\t\t\t\tePress delar med sig av b\u00e4sta praxis och resurser f\u00f6r att st\u00f6dja medieutbildning i skolorna. Detta hj\u00e4lper skolorna att p\u00e5 ett smidigt s\u00e4tt integrera mediekunskap i l\u00e4roplanen. \t\t\t\t\t<\/p>\n\t\t\t\t\n\t\t\t<\/div>\n\t\t\t\n\t\t<\/div>\n\t\t\t\t\t\t<\/div>\n\t\t\t\t<\/div>\n\t\t\t\t<\/div>\n\t\t\t\t<\/div>\n\t\t<div class=\"elementor-element elementor-element-63efc01 e-con-full e-flex e-con e-child\" data-id=\"63efc01\" data-element_type=\"container\" data-e-type=\"container\" data-settings=\"{&quot;background_background&quot;:&quot;classic&quot;}\">\n\t\t\t\t<div class=\"elementor-element elementor-element-20576d2 elementor-widget elementor-widget-image\" data-id=\"20576d2\" data-element_type=\"widget\" data-e-type=\"widget\" data-widget_type=\"image.default\">\n\t\t\t\t<div class=\"elementor-widget-container\">\n\t\t\t\t\t\t\t\t\t\t\t\t\t\t\t<img loading=\"lazy\" decoding=\"async\" width=\"1009\" height=\"1802\" src=\"https:\/\/corporate.epress.fi\/wp-content\/uploads\/2024\/12\/654d2c5a-4a18-4524-8a0e-3260fad4ef2f.jpg\" class=\"attachment-full size-full wp-image-8552\" alt=\"\" srcset=\"https:\/\/corporate.epress.fi\/wp-content\/uploads\/2024\/12\/654d2c5a-4a18-4524-8a0e-3260fad4ef2f.jpg 1009w, https:\/\/corporate.epress.fi\/wp-content\/uploads\/2024\/12\/654d2c5a-4a18-4524-8a0e-3260fad4ef2f-168x300.jpg 168w, https:\/\/corporate.epress.fi\/wp-content\/uploads\/2024\/12\/654d2c5a-4a18-4524-8a0e-3260fad4ef2f-573x1024.jpg 573w, https:\/\/corporate.epress.fi\/wp-content\/uploads\/2024\/12\/654d2c5a-4a18-4524-8a0e-3260fad4ef2f-768x1372.jpg 768w, https:\/\/corporate.epress.fi\/wp-content\/uploads\/2024\/12\/654d2c5a-4a18-4524-8a0e-3260fad4ef2f-860x1536.jpg 860w\" sizes=\"(max-width: 1009px) 100vw, 1009px\" \/>\t\t\t\t\t\t\t\t\t\t\t\t\t\t\t<\/div>\n\t\t\t\t<\/div>\n\t\t\t\t<\/div>\n\t\t\t\t\t<\/div>\n\t\t\t\t<\/div>\n\t\t<div class=\"elementor-element elementor-element-1681309 e-flex e-con-boxed e-con e-child\" data-id=\"1681309\" data-element_type=\"container\" data-e-type=\"container\">\n\t\t\t\t\t<div class=\"e-con-inner\">\n\t\t<div class=\"elementor-element elementor-element-bbcddc8 e-con-full e-flex e-con e-child\" data-id=\"bbcddc8\" data-element_type=\"container\" data-e-type=\"container\">\n\t\t\t\t<div class=\"elementor-element elementor-element-99a2906 elementor-widget elementor-widget-heading\" data-id=\"99a2906\" data-element_type=\"widget\" data-e-type=\"widget\" data-widget_type=\"heading.default\">\n\t\t\t\t<div class=\"elementor-widget-container\">\n\t\t\t\t\t<h6 class=\"elementor-heading-title elementor-size-default\">ePress f\u00f6r skolor\n<\/h6>\t\t\t\t<\/div>\n\t\t\t\t<\/div>\n\t\t\t\t<div class=\"elementor-element elementor-element-510084e elementor-widget-divider--view-line elementor-widget elementor-widget-divider\" data-id=\"510084e\" data-element_type=\"widget\" data-e-type=\"widget\" data-widget_type=\"divider.default\">\n\t\t\t\t<div class=\"elementor-widget-container\">\n\t\t\t\t\t\t\t<div class=\"elementor-divider\">\n\t\t\t<span class=\"elementor-divider-separator\">\n\t\t\t\t\t\t<\/span>\n\t\t<\/div>\n\t\t\t\t\t\t<\/div>\n\t\t\t\t<\/div>\n\t\t<div class=\"elementor-element elementor-element-5978e12 e-con-full e-flex e-con e-child\" data-id=\"5978e12\" data-element_type=\"container\" data-e-type=\"container\">\n\t\t\t\t<div class=\"elementor-element elementor-element-7327cef elementor-widget elementor-widget-heading\" data-id=\"7327cef\" data-element_type=\"widget\" data-e-type=\"widget\" data-widget_type=\"heading.default\">\n\t\t\t\t<div class=\"elementor-widget-container\">\n\t\t\t\t\t<h3 class=\"elementor-heading-title elementor-size-default\">F\u00f6rdelarna med ePress f\u00f6r skolor<\/h3>\t\t\t\t<\/div>\n\t\t\t\t<\/div>\n\t\t\t\t<div class=\"elementor-element elementor-element-05fec45 elementor-position-inline-start elementor-view-default elementor-mobile-position-block-start elementor-widget elementor-widget-icon-box\" data-id=\"05fec45\" data-element_type=\"widget\" data-e-type=\"widget\" data-widget_type=\"icon-box.default\">\n\t\t\t\t<div class=\"elementor-widget-container\">\n\t\t\t\t\t\t\t<div class=\"elementor-icon-box-wrapper\">\n\n\t\t\t\t\t\t<div class=\"elementor-icon-box-icon\">\n\t\t\t\t<span  class=\"elementor-icon\">\n\t\t\t\t<i aria-hidden=\"true\" class=\"fas fa-check-circle\"><\/i>\t\t\t\t<\/span>\n\t\t\t<\/div>\n\t\t\t\n\t\t\t\t\t\t<div class=\"elementor-icon-box-content\">\n\n\t\t\t\t\t\t\t\t\t<h5 class=\"elementor-icon-box-title\">\n\t\t\t\t\t\t<span  >\n\t\t\t\t\t\t\tSt\u00e4rka kritisk informationskompetens och f\u00e4rdigheter i nyhetsl\u00e4sning\t\t\t\t\t\t<\/span>\n\t\t\t\t\t<\/h5>\n\t\t\t\t\n\t\t\t\t\t\t\t\t\t<p class=\"elementor-icon-box-description\">\n\t\t\t\t\t\t\nL\u00e4ra sig att bed\u00f6ma k\u00e4llors tillf\u00f6rlitlighet och f\u00f6rst\u00e5 vikten av journalistiskt inneh\u00e5ll.\t\t\t\t\t<\/p>\n\t\t\t\t\n\t\t\t<\/div>\n\t\t\t\n\t\t<\/div>\n\t\t\t\t\t\t<\/div>\n\t\t\t\t<\/div>\n\t\t\t\t<div class=\"elementor-element elementor-element-820dc9e elementor-position-inline-start elementor-view-default elementor-mobile-position-block-start elementor-widget elementor-widget-icon-box\" data-id=\"820dc9e\" data-element_type=\"widget\" data-e-type=\"widget\" data-widget_type=\"icon-box.default\">\n\t\t\t\t<div class=\"elementor-widget-container\">\n\t\t\t\t\t\t\t<div class=\"elementor-icon-box-wrapper\">\n\n\t\t\t\t\t\t<div class=\"elementor-icon-box-icon\">\n\t\t\t\t<span  class=\"elementor-icon\">\n\t\t\t\t<i aria-hidden=\"true\" class=\"fas fa-check-circle\"><\/i>\t\t\t\t<\/span>\n\t\t\t<\/div>\n\t\t\t\n\t\t\t\t\t\t<div class=\"elementor-icon-box-content\">\n\n\t\t\t\t\t\t\t\t\t<h5 class=\"elementor-icon-box-title\">\n\t\t\t\t\t\t<span  >\n\t\t\t\t\t\t\tFr\u00e4mja f\u00f6rst\u00e5else f\u00f6r samh\u00e4lle och demokrati\t\t\t\t\t\t<\/span>\n\t\t\t\t\t<\/h5>\n\t\t\t\t\n\t\t\t\t\t\t\t\t\t<p class=\"elementor-icon-box-description\">\n\t\t\t\t\t\tTj\u00e4nsten st\u00f6der elevernas f\u00f6rm\u00e5ga att f\u00f6rst\u00e5 mediernas roll i samh\u00e4llet och som en grundpelare i demokratin\t\t\t\t\t<\/p>\n\t\t\t\t\n\t\t\t<\/div>\n\t\t\t\n\t\t<\/div>\n\t\t\t\t\t\t<\/div>\n\t\t\t\t<\/div>\n\t\t\t\t<div class=\"elementor-element elementor-element-9d106a3 elementor-position-inline-start elementor-view-default elementor-mobile-position-block-start elementor-widget elementor-widget-icon-box\" data-id=\"9d106a3\" data-element_type=\"widget\" data-e-type=\"widget\" data-widget_type=\"icon-box.default\">\n\t\t\t\t<div class=\"elementor-widget-container\">\n\t\t\t\t\t\t\t<div class=\"elementor-icon-box-wrapper\">\n\n\t\t\t\t\t\t<div class=\"elementor-icon-box-icon\">\n\t\t\t\t<span  class=\"elementor-icon\">\n\t\t\t\t<i aria-hidden=\"true\" class=\"fas fa-check-circle\"><\/i>\t\t\t\t<\/span>\n\t\t\t<\/div>\n\t\t\t\n\t\t\t\t\t\t<div class=\"elementor-icon-box-content\">\n\n\t\t\t\t\t\t\t\t\t<h5 class=\"elementor-icon-box-title\">\n\t\t\t\t\t\t<span  >\n\t\t\t\t\t\t\tL\u00e4tt att tillhandah\u00e5lla aktuellt och varierande inneh\u00e5ll\t\t\t\t\t\t<\/span>\n\t\t\t\t\t<\/h5>\n\t\t\t\t\n\t\t\t\t\t\t\t\t\t<p class=\"elementor-icon-box-description\">\n\t\t\t\t\t\tDen anv\u00e4ndarv\u00e4nliga plattformen ger alla elever tillg\u00e5ng till ett brett utbud av dagstidningar och tidningar p\u00e5 alla typer av enheter.\t\t\t\t\t<\/p>\n\t\t\t\t\n\t\t\t<\/div>\n\t\t\t\n\t\t<\/div>\n\t\t\t\t\t\t<\/div>\n\t\t\t\t<\/div>\n\t\t\t\t<div class=\"elementor-element elementor-element-02d1203 elementor-position-inline-start elementor-view-default elementor-mobile-position-block-start elementor-widget elementor-widget-icon-box\" data-id=\"02d1203\" data-element_type=\"widget\" data-e-type=\"widget\" data-widget_type=\"icon-box.default\">\n\t\t\t\t<div class=\"elementor-widget-container\">\n\t\t\t\t\t\t\t<div class=\"elementor-icon-box-wrapper\">\n\n\t\t\t\t\t\t<div class=\"elementor-icon-box-icon\">\n\t\t\t\t<span  class=\"elementor-icon\">\n\t\t\t\t<i aria-hidden=\"true\" class=\"fas fa-check-circle\"><\/i>\t\t\t\t<\/span>\n\t\t\t<\/div>\n\t\t\t\n\t\t\t\t\t\t<div class=\"elementor-icon-box-content\">\n\n\t\t\t\t\t\t\t\t\t<h5 class=\"elementor-icon-box-title\">\n\t\t\t\t\t\t<span  >\n\t\t\t\t\t\t\tM\u00f6jligg\u00f6r individuellt arbete och grupparbete\t\t\t\t\t\t<\/span>\n\t\t\t\t\t<\/h5>\n\t\t\t\t\n\t\t\t\t\t\t\t\t\t<p class=\"elementor-icon-box-description\">\n\t\t\t\t\t\tEleverna kan anv\u00e4nda tj\u00e4nsten p\u00e5 egen hand eller i grupp som en del av gemensamma projekt och \u00f6vningar. \t\t\t\t\t<\/p>\n\t\t\t\t\n\t\t\t<\/div>\n\t\t\t\n\t\t<\/div>\n\t\t\t\t\t\t<\/div>\n\t\t\t\t<\/div>\n\t\t\t\t<\/div>\n\t\t\t\t<\/div>\n\t\t<div class=\"elementor-element elementor-element-ac47f26 e-con-full e-flex e-con e-child\" data-id=\"ac47f26\" data-element_type=\"container\" data-e-type=\"container\" data-settings=\"{&quot;background_background&quot;:&quot;classic&quot;}\">\n\t\t\t\t<div class=\"elementor-element elementor-element-6df74f8 elementor-widget elementor-widget-image\" data-id=\"6df74f8\" data-element_type=\"widget\" data-e-type=\"widget\" data-widget_type=\"image.default\">\n\t\t\t\t<div class=\"elementor-widget-container\">\n\t\t\t\t\t\t\t\t\t\t\t\t\t\t\t<img loading=\"lazy\" decoding=\"async\" width=\"1010\" height=\"1402\" src=\"https:\/\/corporate.epress.fi\/wp-content\/uploads\/2024\/12\/f4c6644f-0b56-402b-b64a-c019084b9baa.jpg\" class=\"attachment-full size-full wp-image-8554\" alt=\"\" srcset=\"https:\/\/corporate.epress.fi\/wp-content\/uploads\/2024\/12\/f4c6644f-0b56-402b-b64a-c019084b9baa.jpg 1010w, https:\/\/corporate.epress.fi\/wp-content\/uploads\/2024\/12\/f4c6644f-0b56-402b-b64a-c019084b9baa-216x300.jpg 216w, https:\/\/corporate.epress.fi\/wp-content\/uploads\/2024\/12\/f4c6644f-0b56-402b-b64a-c019084b9baa-738x1024.jpg 738w, https:\/\/corporate.epress.fi\/wp-content\/uploads\/2024\/12\/f4c6644f-0b56-402b-b64a-c019084b9baa-768x1066.jpg 768w\" sizes=\"(max-width: 1010px) 100vw, 1010px\" \/>\t\t\t\t\t\t\t\t\t\t\t\t\t\t\t<\/div>\n\t\t\t\t<\/div>\n\t\t\t\t<\/div>\n\t\t\t\t\t<\/div>\n\t\t\t\t<\/div>\n\t\t<div class=\"elementor-element elementor-element-c081ba3 e-flex e-con-boxed e-con e-child\" data-id=\"c081ba3\" data-element_type=\"container\" data-e-type=\"container\">\n\t\t\t\t\t<div class=\"e-con-inner\">\n\t\t<div class=\"elementor-element elementor-element-98779ba e-con-full e-flex e-con e-child\" data-id=\"98779ba\" data-element_type=\"container\" data-e-type=\"container\">\n\t\t\t\t<div class=\"elementor-element elementor-element-332bc8d elementor-widget elementor-widget-heading\" data-id=\"332bc8d\" data-element_type=\"widget\" data-e-type=\"widget\" data-widget_type=\"heading.default\">\n\t\t\t\t<div class=\"elementor-widget-container\">\n\t\t\t\t\t<h6 class=\"elementor-heading-title elementor-size-default\">ePress f\u00f6r skolor\n<\/h6>\t\t\t\t<\/div>\n\t\t\t\t<\/div>\n\t\t\t\t<div class=\"elementor-element elementor-element-42f3ddd elementor-widget-divider--view-line elementor-widget elementor-widget-divider\" data-id=\"42f3ddd\" data-element_type=\"widget\" data-e-type=\"widget\" data-widget_type=\"divider.default\">\n\t\t\t\t<div class=\"elementor-widget-container\">\n\t\t\t\t\t\t\t<div class=\"elementor-divider\">\n\t\t\t<span class=\"elementor-divider-separator\">\n\t\t\t\t\t\t<\/span>\n\t\t<\/div>\n\t\t\t\t\t\t<\/div>\n\t\t\t\t<\/div>\n\t\t<div class=\"elementor-element elementor-element-556ef64 e-con-full e-flex e-con e-child\" data-id=\"556ef64\" data-element_type=\"container\" data-e-type=\"container\">\n\t\t\t\t<div class=\"elementor-element elementor-element-3464ae4 elementor-widget elementor-widget-heading\" data-id=\"3464ae4\" data-element_type=\"widget\" data-e-type=\"widget\" data-widget_type=\"heading.default\">\n\t\t\t\t<div class=\"elementor-widget-container\">\n\t\t\t\t\t<h3 class=\"elementor-heading-title elementor-size-default\">\n\nRekommenderade \u00f6vningar f\u00f6r att utveckla mediekompetens med ePress<\/h3>\t\t\t\t<\/div>\n\t\t\t\t<\/div>\n\t\t\t\t<div class=\"elementor-element elementor-element-cbc0495 elementor-position-inline-start elementor-view-default elementor-mobile-position-block-start elementor-widget elementor-widget-icon-box\" data-id=\"cbc0495\" data-element_type=\"widget\" data-e-type=\"widget\" data-widget_type=\"icon-box.default\">\n\t\t\t\t<div class=\"elementor-widget-container\">\n\t\t\t\t\t\t\t<div class=\"elementor-icon-box-wrapper\">\n\n\t\t\t\t\t\t<div class=\"elementor-icon-box-icon\">\n\t\t\t\t<span  class=\"elementor-icon\">\n\t\t\t\t<i aria-hidden=\"true\" class=\"fas fa-check-circle\"><\/i>\t\t\t\t<\/span>\n\t\t\t<\/div>\n\t\t\t\n\t\t\t\t\t\t<div class=\"elementor-icon-box-content\">\n\n\t\t\t\t\t\t\t\t\t<h5 class=\"elementor-icon-box-title\">\n\t\t\t\t\t\t<span  >\n\t\t\t\t\t\t\tUtv\u00e4rdering av informationsk\u00e4llor\t\t\t\t\t\t<\/span>\n\t\t\t\t\t<\/h5>\n\t\t\t\t\n\t\t\t\t\t\t\t\t\t<p class=\"elementor-icon-box-description\">\n\t\t\t\t\t\t\nJ\u00e4mf\u00f6r nyhetsartiklar fr\u00e5n olika tidningar och fundera \u00f6ver hur perspektiven skiljer sig \u00e5t och vad som g\u00f6r en k\u00e4lla tillf\u00f6rlitlig.\t\t\t\t\t<\/p>\n\t\t\t\t\n\t\t\t<\/div>\n\t\t\t\n\t\t<\/div>\n\t\t\t\t\t\t<\/div>\n\t\t\t\t<\/div>\n\t\t\t\t<div class=\"elementor-element elementor-element-a26042b elementor-position-inline-start elementor-view-default elementor-mobile-position-block-start elementor-widget elementor-widget-icon-box\" data-id=\"a26042b\" data-element_type=\"widget\" data-e-type=\"widget\" data-widget_type=\"icon-box.default\">\n\t\t\t\t<div class=\"elementor-widget-container\">\n\t\t\t\t\t\t\t<div class=\"elementor-icon-box-wrapper\">\n\n\t\t\t\t\t\t<div class=\"elementor-icon-box-icon\">\n\t\t\t\t<span  class=\"elementor-icon\">\n\t\t\t\t<i aria-hidden=\"true\" class=\"fas fa-check-circle\"><\/i>\t\t\t\t<\/span>\n\t\t\t<\/div>\n\t\t\t\n\t\t\t\t\t\t<div class=\"elementor-icon-box-content\">\n\n\t\t\t\t\t\t\t\t\t<h5 class=\"elementor-icon-box-title\">\n\t\t\t\t\t\t<span  >\n\t\t\t\t\t\t\tNyhetsanalys\t\t\t\t\t\t<\/span>\n\t\t\t\t\t<\/h5>\n\t\t\t\t\n\t\t\t\t\t\t\t\t\t<p class=\"elementor-icon-box-description\">\n\t\t\t\t\t\tV\u00e4lj ett aktuellt nyhetsinslag och analysera dess struktur, k\u00e4llor och p\u00e5verkan.\t\t\t\t\t<\/p>\n\t\t\t\t\n\t\t\t<\/div>\n\t\t\t\n\t\t<\/div>\n\t\t\t\t\t\t<\/div>\n\t\t\t\t<\/div>\n\t\t\t\t<div class=\"elementor-element elementor-element-d722897 elementor-position-inline-start elementor-view-default elementor-mobile-position-block-start elementor-widget elementor-widget-icon-box\" data-id=\"d722897\" data-element_type=\"widget\" data-e-type=\"widget\" data-widget_type=\"icon-box.default\">\n\t\t\t\t<div class=\"elementor-widget-container\">\n\t\t\t\t\t\t\t<div class=\"elementor-icon-box-wrapper\">\n\n\t\t\t\t\t\t<div class=\"elementor-icon-box-icon\">\n\t\t\t\t<span  class=\"elementor-icon\">\n\t\t\t\t<i aria-hidden=\"true\" class=\"fas fa-check-circle\"><\/i>\t\t\t\t<\/span>\n\t\t\t<\/div>\n\t\t\t\n\t\t\t\t\t\t<div class=\"elementor-icon-box-content\">\n\n\t\t\t\t\t\t\t\t\t<h5 class=\"elementor-icon-box-title\">\n\t\t\t\t\t\t<span  >\n\t\t\t\t\t\t\tNyhetsjournalistikens roll\t\t\t\t\t\t<\/span>\n\t\t\t\t\t<\/h5>\n\t\t\t\t\n\t\t\t\t\t\t\t\t\t<p class=\"elementor-icon-box-description\">\n\t\t\t\t\t\tDiskutera hur nyhetsjournalistik st\u00f6der demokratin och hur eleverna kan bli medvetna mediekonsumenter.\t\t\t\t\t<\/p>\n\t\t\t\t\n\t\t\t<\/div>\n\t\t\t\n\t\t<\/div>\n\t\t\t\t\t\t<\/div>\n\t\t\t\t<\/div>\n\t\t\t\t<div class=\"elementor-element elementor-element-1d7058d elementor-position-inline-start elementor-view-default elementor-mobile-position-block-start elementor-widget elementor-widget-icon-box\" data-id=\"1d7058d\" data-element_type=\"widget\" data-e-type=\"widget\" data-widget_type=\"icon-box.default\">\n\t\t\t\t<div class=\"elementor-widget-container\">\n\t\t\t\t\t\t\t<div class=\"elementor-icon-box-wrapper\">\n\n\t\t\t\t\t\t<div class=\"elementor-icon-box-icon\">\n\t\t\t\t<span  class=\"elementor-icon\">\n\t\t\t\t<i aria-hidden=\"true\" class=\"fas fa-check-circle\"><\/i>\t\t\t\t<\/span>\n\t\t\t<\/div>\n\t\t\t\n\t\t\t\t\t\t<div class=\"elementor-icon-box-content\">\n\n\t\t\t\t\t\t\t\t\t<h5 class=\"elementor-icon-box-title\">\n\t\t\t\t\t\t<span  >\n\t\t\t\t\t\t\tIdentifiering av desinformation\t\t\t\t\t\t<\/span>\n\t\t\t\t\t<\/h5>\n\t\t\t\t\n\t\t\t\t\t\t\t\t\t<p class=\"elementor-icon-box-description\">\n\t\t\t\t\t\t\nStudera exempel p\u00e5 desinformation och \u00f6va p\u00e5 att identifiera och korrigera den .\n \t\t\t\t\t<\/p>\n\t\t\t\t\n\t\t\t<\/div>\n\t\t\t\n\t\t<\/div>\n\t\t\t\t\t\t<\/div>\n\t\t\t\t<\/div>\n\t\t\t\t<\/div>\n\t\t\t\t<\/div>\n\t\t<div class=\"elementor-element elementor-element-9ec980a e-con-full e-flex e-con e-child\" data-id=\"9ec980a\" data-element_type=\"container\" data-e-type=\"container\" data-settings=\"{&quot;background_background&quot;:&quot;classic&quot;}\">\n\t\t\t\t<div class=\"elementor-element elementor-element-d98b94b elementor-widget elementor-widget-image\" data-id=\"d98b94b\" data-element_type=\"widget\" data-e-type=\"widget\" data-widget_type=\"image.default\">\n\t\t\t\t<div class=\"elementor-widget-container\">\n\t\t\t\t\t\t\t\t\t\t\t\t\t\t\t<img loading=\"lazy\" decoding=\"async\" width=\"1014\" height=\"1400\" src=\"https:\/\/corporate.epress.fi\/wp-content\/uploads\/2024\/12\/fc7948bb-a76a-4e3c-ab1b-735747b6259e.jpg\" class=\"attachment-full size-full wp-image-8556\" alt=\"\" srcset=\"https:\/\/corporate.epress.fi\/wp-content\/uploads\/2024\/12\/fc7948bb-a76a-4e3c-ab1b-735747b6259e.jpg 1014w, https:\/\/corporate.epress.fi\/wp-content\/uploads\/2024\/12\/fc7948bb-a76a-4e3c-ab1b-735747b6259e-217x300.jpg 217w, https:\/\/corporate.epress.fi\/wp-content\/uploads\/2024\/12\/fc7948bb-a76a-4e3c-ab1b-735747b6259e-742x1024.jpg 742w, https:\/\/corporate.epress.fi\/wp-content\/uploads\/2024\/12\/fc7948bb-a76a-4e3c-ab1b-735747b6259e-768x1060.jpg 768w\" sizes=\"(max-width: 1014px) 100vw, 1014px\" \/>\t\t\t\t\t\t\t\t\t\t\t\t\t\t\t<\/div>\n\t\t\t\t<\/div>\n\t\t\t\t<\/div>\n\t\t\t\t\t<\/div>\n\t\t\t\t<\/div>\n\t\t\t\t<\/div>\n\t\t","protected":false},"excerpt":{"rendered":"<p>ePress f\u00f6r skolor Mediekunskap \u00e4r en av dagens viktigaste f\u00e4rdigheter, och ePress\u00ae-tj\u00e4nsten st\u00f6der utvecklingen genom att tillhandah\u00e5lla ett stort digitalt bibliotek med tidningar f\u00f6r skolor. Boka en demonstration ePress f\u00f6r skolor Fr\u00e4mja och utveckla mediekunskap i skolan med ePress\u00ae Mediekunskap \u00e4r viktigare \u00e4n n\u00e5gonsin i dagens v\u00e4rld. Snabbt f\u00f6r\u00e4nderliga nyhetsfl\u00f6den och \u00f6verbelastning av digital information [&hellip;]<\/p>\n","protected":false},"author":15,"featured_media":8516,"parent":0,"menu_order":0,"comment_status":"closed","ping_status":"closed","template":"","meta":{"site-sidebar-layout":"no-sidebar","site-content-layout":"page-builder","ast-site-content-layout":"full-width-container","site-content-style":"default","site-sidebar-style":"default","ast-global-header-display":"","ast-banner-title-visibility":"","ast-main-header-display":"","ast-hfb-above-header-display":"","ast-hfb-below-header-display":"","ast-hfb-mobile-header-display":"","site-post-title":"disabled","ast-breadcrumbs-content":"","ast-featured-img":"disabled","footer-sml-layout":"","ast-disable-related-posts":"","theme-transparent-header-meta":"","adv-header-id-meta":"","stick-header-meta":"","header-above-stick-meta":"","header-main-stick-meta":"","header-below-stick-meta":"","astra-migrate-meta-layouts":"set","ast-page-background-enabled":"default","ast-page-background-meta":{"desktop":{"background-color":"","background-image":"","background-repeat":"repeat","background-position":"center center","background-size":"auto","background-attachment":"scroll","background-type":"","background-media":"","overlay-type":"","overlay-color":"","overlay-opacity":"","overlay-gradient":""},"tablet":{"background-color":"","background-image":"","background-repeat":"repeat","background-position":"center center","background-size":"auto","background-attachment":"scroll","background-type":"","background-media":"","overlay-type":"","overlay-color":"","overlay-opacity":"","overlay-gradient":""},"mobile":{"background-color":"","background-image":"","background-repeat":"repeat","background-position":"center center","background-size":"auto","background-attachment":"scroll","background-type":"","background-media":"","overlay-type":"","overlay-color":"","overlay-opacity":"","overlay-gradient":""}},"ast-content-background-meta":{"desktop":{"background-color":"var(--ast-global-color-5)","background-image":"","background-repeat":"repeat","background-position":"center center","background-size":"auto","background-attachment":"scroll","background-type":"","background-media":"","overlay-type":"","overlay-color":"","overlay-opacity":"","overlay-gradient":""},"tablet":{"background-color":"var(--ast-global-color-5)","background-image":"","background-repeat":"repeat","background-position":"center center","background-size":"auto","background-attachment":"scroll","background-type":"","background-media":"","overlay-type":"","overlay-color":"","overlay-opacity":"","overlay-gradient":""},"mobile":{"background-color":"var(--ast-global-color-5)","background-image":"","background-repeat":"repeat","background-position":"center center","background-size":"auto","background-attachment":"scroll","background-type":"","background-media":"","overlay-type":"","overlay-color":"","overlay-opacity":"","overlay-gradient":""}},"footnotes":""},"class_list":["post-8723","page","type-page","status-publish","has-post-thumbnail","hentry"],"yoast_head":"<!-- This site is optimized with the Yoast SEO plugin v27.3 - https:\/\/yoast.com\/product\/yoast-seo-wordpress\/ -->\n<title>ePress f\u00f6r skolor - utveckla elevernas mediekompetens<\/title>\n<meta name=\"description\" content=\"ePress f\u00f6rser skolor med ett digitalt tidningsbibliotek f\u00f6r att st\u00f6dja inl\u00e4rning av mediekompetens. En l\u00e4ttanv\u00e4nd plattform ger eleverna tillg\u00e5ng till aktuellt inneh\u00e5ll.\" \/>\n<meta name=\"robots\" content=\"index, follow, max-snippet:-1, max-image-preview:large, max-video-preview:-1\" \/>\n<link rel=\"canonical\" href=\"https:\/\/corporate.epress.fi\/sv\/epress-for-skolor\/\" \/>\n<meta property=\"og:locale\" content=\"sv_SE\" \/>\n<meta property=\"og:type\" content=\"article\" \/>\n<meta property=\"og:title\" content=\"ePress f\u00f6r skolor - utveckla elevernas mediekompetens\" \/>\n<meta property=\"og:description\" content=\"ePress f\u00f6rser skolor med ett digitalt tidningsbibliotek f\u00f6r att st\u00f6dja inl\u00e4rning av mediekompetens. En l\u00e4ttanv\u00e4nd plattform ger eleverna tillg\u00e5ng till aktuellt inneh\u00e5ll.\" \/>\n<meta property=\"og:url\" content=\"https:\/\/corporate.epress.fi\/sv\/epress-for-skolor\/\" \/>\n<meta property=\"og:site_name\" content=\"ePress\u00ae\" \/>\n<meta property=\"article:modified_time\" content=\"2025-04-08T03:35:14+00:00\" \/>\n<meta property=\"og:image\" content=\"https:\/\/corporate.epress.fi\/wp-content\/uploads\/2024\/10\/epress-logo-2024-white.png\" \/>\n\t<meta property=\"og:image:width\" content=\"437\" \/>\n\t<meta property=\"og:image:height\" content=\"99\" \/>\n\t<meta property=\"og:image:type\" content=\"image\/png\" \/><meta property=\"og:image\" content=\"https:\/\/corporate.epress.fi\/wp-content\/uploads\/2024\/12\/Untitled-design-75-1.jpg\" \/>\n\t<meta property=\"og:image:width\" content=\"2560\" \/>\n\t<meta property=\"og:image:height\" content=\"1560\" \/>\n\t<meta property=\"og:image:type\" content=\"image\/jpeg\" \/>\n<meta name=\"twitter:card\" content=\"summary_large_image\" \/>\n<meta name=\"twitter:label1\" content=\"Ber\u00e4knad l\u00e4stid\" \/>\n\t<meta name=\"twitter:data1\" content=\"3 minuter\" \/>\n<script type=\"application\/ld+json\" class=\"yoast-schema-graph\">{\"@context\":\"https:\\\/\\\/schema.org\",\"@graph\":[{\"@type\":\"WebPage\",\"@id\":\"https:\\\/\\\/corporate.epress.fi\\\/sv\\\/epress-for-skolor\\\/\",\"url\":\"https:\\\/\\\/corporate.epress.fi\\\/sv\\\/epress-for-skolor\\\/\",\"name\":\"ePress f\u00f6r skolor - utveckla elevernas mediekompetens\",\"isPartOf\":{\"@id\":\"https:\\\/\\\/corporate.epress.fi\\\/sv\\\/#website\"},\"primaryImageOfPage\":{\"@id\":\"https:\\\/\\\/corporate.epress.fi\\\/sv\\\/epress-for-skolor\\\/#primaryimage\"},\"image\":{\"@id\":\"https:\\\/\\\/corporate.epress.fi\\\/sv\\\/epress-for-skolor\\\/#primaryimage\"},\"thumbnailUrl\":\"https:\\\/\\\/corporate.epress.fi\\\/wp-content\\\/uploads\\\/2024\\\/12\\\/Untitled-design-75-1.jpg\",\"datePublished\":\"2024-12-04T14:43:50+00:00\",\"dateModified\":\"2025-04-08T03:35:14+00:00\",\"description\":\"ePress f\u00f6rser skolor med ett digitalt tidningsbibliotek f\u00f6r att st\u00f6dja inl\u00e4rning av mediekompetens. En l\u00e4ttanv\u00e4nd plattform ger eleverna tillg\u00e5ng till aktuellt inneh\u00e5ll.\",\"breadcrumb\":{\"@id\":\"https:\\\/\\\/corporate.epress.fi\\\/sv\\\/epress-for-skolor\\\/#breadcrumb\"},\"inLanguage\":\"sv-SE\",\"potentialAction\":[{\"@type\":\"ReadAction\",\"target\":[\"https:\\\/\\\/corporate.epress.fi\\\/sv\\\/epress-for-skolor\\\/\"]}]},{\"@type\":\"ImageObject\",\"inLanguage\":\"sv-SE\",\"@id\":\"https:\\\/\\\/corporate.epress.fi\\\/sv\\\/epress-for-skolor\\\/#primaryimage\",\"url\":\"https:\\\/\\\/corporate.epress.fi\\\/wp-content\\\/uploads\\\/2024\\\/12\\\/Untitled-design-75-1.jpg\",\"contentUrl\":\"https:\\\/\\\/corporate.epress.fi\\\/wp-content\\\/uploads\\\/2024\\\/12\\\/Untitled-design-75-1.jpg\",\"width\":2560,\"height\":1560},{\"@type\":\"BreadcrumbList\",\"@id\":\"https:\\\/\\\/corporate.epress.fi\\\/sv\\\/epress-for-skolor\\\/#breadcrumb\",\"itemListElement\":[{\"@type\":\"ListItem\",\"position\":1,\"name\":\"Home\",\"item\":\"https:\\\/\\\/corporate.epress.fi\\\/sv\\\/\"},{\"@type\":\"ListItem\",\"position\":2,\"name\":\"ePress f\u00f6r skolor\"}]},{\"@type\":\"WebSite\",\"@id\":\"https:\\\/\\\/corporate.epress.fi\\\/sv\\\/#website\",\"url\":\"https:\\\/\\\/corporate.epress.fi\\\/sv\\\/\",\"name\":\"ePress\u00ae\",\"description\":\"Kaikki lehdet yhdest\u00e4 paikasta\",\"publisher\":{\"@id\":\"https:\\\/\\\/corporate.epress.fi\\\/sv\\\/#organization\"},\"potentialAction\":[{\"@type\":\"SearchAction\",\"target\":{\"@type\":\"EntryPoint\",\"urlTemplate\":\"https:\\\/\\\/corporate.epress.fi\\\/sv\\\/?s={search_term_string}\"},\"query-input\":{\"@type\":\"PropertyValueSpecification\",\"valueRequired\":true,\"valueName\":\"search_term_string\"}}],\"inLanguage\":\"sv-SE\"},{\"@type\":\"Organization\",\"@id\":\"https:\\\/\\\/corporate.epress.fi\\\/sv\\\/#organization\",\"name\":\"ePress\u00ae\",\"url\":\"https:\\\/\\\/corporate.epress.fi\\\/sv\\\/\",\"logo\":{\"@type\":\"ImageObject\",\"inLanguage\":\"sv-SE\",\"@id\":\"https:\\\/\\\/corporate.epress.fi\\\/sv\\\/#\\\/schema\\\/logo\\\/image\\\/\",\"url\":\"https:\\\/\\\/corporate.epress.fi\\\/wp-content\\\/uploads\\\/2024\\\/10\\\/epress-logo-2024-white.png\",\"contentUrl\":\"https:\\\/\\\/corporate.epress.fi\\\/wp-content\\\/uploads\\\/2024\\\/10\\\/epress-logo-2024-white.png\",\"width\":437,\"height\":99,\"caption\":\"ePress\u00ae\"},\"image\":{\"@id\":\"https:\\\/\\\/corporate.epress.fi\\\/sv\\\/#\\\/schema\\\/logo\\\/image\\\/\"}}]}<\/script>\n<!-- \/ Yoast SEO plugin. -->","yoast_head_json":{"title":"ePress f\u00f6r skolor - utveckla elevernas mediekompetens","description":"ePress f\u00f6rser skolor med ett digitalt tidningsbibliotek f\u00f6r att st\u00f6dja inl\u00e4rning av mediekompetens. En l\u00e4ttanv\u00e4nd plattform ger eleverna tillg\u00e5ng till aktuellt inneh\u00e5ll.","robots":{"index":"index","follow":"follow","max-snippet":"max-snippet:-1","max-image-preview":"max-image-preview:large","max-video-preview":"max-video-preview:-1"},"canonical":"https:\/\/corporate.epress.fi\/sv\/epress-for-skolor\/","og_locale":"sv_SE","og_type":"article","og_title":"ePress f\u00f6r skolor - utveckla elevernas mediekompetens","og_description":"ePress f\u00f6rser skolor med ett digitalt tidningsbibliotek f\u00f6r att st\u00f6dja inl\u00e4rning av mediekompetens. En l\u00e4ttanv\u00e4nd plattform ger eleverna tillg\u00e5ng till aktuellt inneh\u00e5ll.","og_url":"https:\/\/corporate.epress.fi\/sv\/epress-for-skolor\/","og_site_name":"ePress\u00ae","article_modified_time":"2025-04-08T03:35:14+00:00","og_image":[{"width":437,"height":99,"url":"https:\/\/corporate.epress.fi\/wp-content\/uploads\/2024\/10\/epress-logo-2024-white.png","type":"image\/png"},{"width":2560,"height":1560,"url":"https:\/\/corporate.epress.fi\/wp-content\/uploads\/2024\/12\/Untitled-design-75-1.jpg","type":"image\/jpeg"}],"twitter_card":"summary_large_image","twitter_misc":{"Ber\u00e4knad l\u00e4stid":"3 minuter"},"schema":{"@context":"https:\/\/schema.org","@graph":[{"@type":"WebPage","@id":"https:\/\/corporate.epress.fi\/sv\/epress-for-skolor\/","url":"https:\/\/corporate.epress.fi\/sv\/epress-for-skolor\/","name":"ePress f\u00f6r skolor - utveckla elevernas mediekompetens","isPartOf":{"@id":"https:\/\/corporate.epress.fi\/sv\/#website"},"primaryImageOfPage":{"@id":"https:\/\/corporate.epress.fi\/sv\/epress-for-skolor\/#primaryimage"},"image":{"@id":"https:\/\/corporate.epress.fi\/sv\/epress-for-skolor\/#primaryimage"},"thumbnailUrl":"https:\/\/corporate.epress.fi\/wp-content\/uploads\/2024\/12\/Untitled-design-75-1.jpg","datePublished":"2024-12-04T14:43:50+00:00","dateModified":"2025-04-08T03:35:14+00:00","description":"ePress f\u00f6rser skolor med ett digitalt tidningsbibliotek f\u00f6r att st\u00f6dja inl\u00e4rning av mediekompetens. En l\u00e4ttanv\u00e4nd plattform ger eleverna tillg\u00e5ng till aktuellt inneh\u00e5ll.","breadcrumb":{"@id":"https:\/\/corporate.epress.fi\/sv\/epress-for-skolor\/#breadcrumb"},"inLanguage":"sv-SE","potentialAction":[{"@type":"ReadAction","target":["https:\/\/corporate.epress.fi\/sv\/epress-for-skolor\/"]}]},{"@type":"ImageObject","inLanguage":"sv-SE","@id":"https:\/\/corporate.epress.fi\/sv\/epress-for-skolor\/#primaryimage","url":"https:\/\/corporate.epress.fi\/wp-content\/uploads\/2024\/12\/Untitled-design-75-1.jpg","contentUrl":"https:\/\/corporate.epress.fi\/wp-content\/uploads\/2024\/12\/Untitled-design-75-1.jpg","width":2560,"height":1560},{"@type":"BreadcrumbList","@id":"https:\/\/corporate.epress.fi\/sv\/epress-for-skolor\/#breadcrumb","itemListElement":[{"@type":"ListItem","position":1,"name":"Home","item":"https:\/\/corporate.epress.fi\/sv\/"},{"@type":"ListItem","position":2,"name":"ePress f\u00f6r skolor"}]},{"@type":"WebSite","@id":"https:\/\/corporate.epress.fi\/sv\/#website","url":"https:\/\/corporate.epress.fi\/sv\/","name":"ePress\u00ae","description":"Kaikki lehdet yhdest\u00e4 paikasta","publisher":{"@id":"https:\/\/corporate.epress.fi\/sv\/#organization"},"potentialAction":[{"@type":"SearchAction","target":{"@type":"EntryPoint","urlTemplate":"https:\/\/corporate.epress.fi\/sv\/?s={search_term_string}"},"query-input":{"@type":"PropertyValueSpecification","valueRequired":true,"valueName":"search_term_string"}}],"inLanguage":"sv-SE"},{"@type":"Organization","@id":"https:\/\/corporate.epress.fi\/sv\/#organization","name":"ePress\u00ae","url":"https:\/\/corporate.epress.fi\/sv\/","logo":{"@type":"ImageObject","inLanguage":"sv-SE","@id":"https:\/\/corporate.epress.fi\/sv\/#\/schema\/logo\/image\/","url":"https:\/\/corporate.epress.fi\/wp-content\/uploads\/2024\/10\/epress-logo-2024-white.png","contentUrl":"https:\/\/corporate.epress.fi\/wp-content\/uploads\/2024\/10\/epress-logo-2024-white.png","width":437,"height":99,"caption":"ePress\u00ae"},"image":{"@id":"https:\/\/corporate.epress.fi\/sv\/#\/schema\/logo\/image\/"}}]}},"_links":{"self":[{"href":"https:\/\/corporate.epress.fi\/sv\/wp-json\/wp\/v2\/pages\/8723","targetHints":{"allow":["GET"]}}],"collection":[{"href":"https:\/\/corporate.epress.fi\/sv\/wp-json\/wp\/v2\/pages"}],"about":[{"href":"https:\/\/corporate.epress.fi\/sv\/wp-json\/wp\/v2\/types\/page"}],"author":[{"embeddable":true,"href":"https:\/\/corporate.epress.fi\/sv\/wp-json\/wp\/v2\/users\/15"}],"replies":[{"embeddable":true,"href":"https:\/\/corporate.epress.fi\/sv\/wp-json\/wp\/v2\/comments?post=8723"}],"version-history":[{"count":36,"href":"https:\/\/corporate.epress.fi\/sv\/wp-json\/wp\/v2\/pages\/8723\/revisions"}],"predecessor-version":[{"id":11337,"href":"https:\/\/corporate.epress.fi\/sv\/wp-json\/wp\/v2\/pages\/8723\/revisions\/11337"}],"wp:featuredmedia":[{"embeddable":true,"href":"https:\/\/corporate.epress.fi\/sv\/wp-json\/wp\/v2\/media\/8516"}],"wp:attachment":[{"href":"https:\/\/corporate.epress.fi\/sv\/wp-json\/wp\/v2\/media?parent=8723"}],"curies":[{"name":"wp","href":"https:\/\/api.w.org\/{rel}","templated":true}]}}